{"id":5510,"date":"2025-03-18T17:49:48","date_gmt":"2025-03-18T17:49:48","guid":{"rendered":"https:\/\/mwdesign.hu\/product\/primum-szek\/"},"modified":"2025-08-22T09:13:37","modified_gmt":"2025-08-22T09:13:37","slug":"primum-szek","status":"publish","type":"product","link":"https:\/\/mwdesign.hu\/en\/product\/primum-szek\/","title":{"rendered":"Primum chair"},"content":{"rendered":"<div data-elementor-type=\"product-post\" data-elementor-id=\"5510\" class=\"elementor elementor-5510\" data-elementor-post-type=\"product\">\n\t\t\t\t<div class=\"elementor-element elementor-element-26bb093 e-flex e-con-boxed e-con e-parent\" data-id=\"26bb093\" data-element_type=\"container\" data-e-type=\"container\">\n\t\t\t\t\t<div class=\"e-con-inner\">\n\t\t\t\t<div class=\"elementor-element elementor-element-90125ad elementor-widget-divider--view-line elementor-widget elementor-widget-divider\" data-id=\"90125ad\" data-element_type=\"widget\" data-e-type=\"widget\" data-widget_type=\"divider.default\">\n\t\t\t\t<div class=\"elementor-widget-container\">\n\t\t\t\t\t\t\t<div class=\"elementor-divider\">\n\t\t\t<span class=\"elementor-divider-separator\">\n\t\t\t\t\t\t<\/span>\n\t\t<\/div>\n\t\t\t\t\t\t<\/div>\n\t\t\t\t<\/div>\n\t\t\t\t\t<\/div>\n\t\t\t\t<\/div>\n\t\t<div class=\"elementor-element elementor-element-1d19f09 e-con-full e-flex e-con e-parent\" data-id=\"1d19f09\" data-element_type=\"container\" data-e-type=\"container\">\n\t\t<div class=\"elementor-element elementor-element-f740405 e-con-full e-flex e-con e-child\" data-id=\"f740405\" data-element_type=\"container\" data-e-type=\"container\">\n\t\t\t\t<div class=\"elementor-element elementor-element-ec78a60 e-n-tabs-mobile elementor-widget elementor-widget-n-tabs\" data-id=\"ec78a60\" data-element_type=\"widget\" data-e-type=\"widget\" data-settings=\"{&quot;horizontal_scroll&quot;:&quot;disable&quot;}\" data-widget_type=\"nested-tabs.default\">\n\t\t\t\t<div class=\"elementor-widget-container\">\n\t\t\t\t\t\t\t<div class=\"e-n-tabs\" data-widget-number=\"247958112\" aria-label=\"Tabs. Open items with Enter or Space, close with Escape and navigate using the Arrow keys.\">\n\t\t\t<div class=\"e-n-tabs-heading\" role=\"tablist\">\n\t\t\t\t\t<button id=\"e-n-tab-title-2479581121\" data-tab-title-id=\"e-n-tab-title-2479581121\" class=\"e-n-tab-title\" aria-selected=\"true\" data-tab-index=\"1\" role=\"tab\" tabindex=\"0\" aria-controls=\"e-n-tab-content-2479581121\" style=\"--n-tabs-title-order: 1;\">\n\t\t\t\t\t\t<span class=\"e-n-tab-title-text\">\n\t\t\t\tDemonstration\t\t\t<\/span>\n\t\t<\/button>\n\t\t\t\t<button id=\"e-n-tab-title-2479581122\" data-tab-title-id=\"e-n-tab-title-2479581122\" class=\"e-n-tab-title\" aria-selected=\"false\" data-tab-index=\"2\" role=\"tab\" tabindex=\"-1\" aria-controls=\"e-n-tab-content-2479581122\" style=\"--n-tabs-title-order: 2;\">\n\t\t\t\t\t\t<span class=\"e-n-tab-title-text\">\n\t\t\t\tProduct description\t\t\t<\/span>\n\t\t<\/button>\n\t\t\t\t<button id=\"e-n-tab-title-2479581123\" data-tab-title-id=\"e-n-tab-title-2479581123\" class=\"e-n-tab-title\" aria-selected=\"false\" data-tab-index=\"3\" role=\"tab\" tabindex=\"-1\" aria-controls=\"e-n-tab-content-2479581123\" style=\"--n-tabs-title-order: 3;\">\n\t\t\t\t\t\t<span class=\"e-n-tab-title-text\">\n\t\t\t\tMore information\t\t\t<\/span>\n\t\t<\/button>\n\t\t\t\t\t<\/div>\n\t\t\t<div class=\"e-n-tabs-content\">\n\t\t\t\t<div id=\"e-n-tab-content-2479581121\" role=\"tabpanel\" aria-labelledby=\"e-n-tab-title-2479581121\" data-tab-index=\"1\" style=\"--n-tabs-title-order: 1;\" class=\"e-active elementor-element elementor-element-cab1bba e-con-full e-flex e-con e-child\" data-id=\"cab1bba\" data-element_type=\"container\" data-e-type=\"container\">\n\t\t<div class=\"elementor-element elementor-element-081e345 e-con-full e-flex e-con e-child\" data-id=\"081e345\" data-element_type=\"container\" data-e-type=\"container\" data-settings=\"{&quot;background_background&quot;:&quot;classic&quot;}\">\n\t\t<div class=\"elementor-element elementor-element-c7e7680 e-con-full e-flex e-con e-child\" data-id=\"c7e7680\" data-element_type=\"container\" data-e-type=\"container\" data-settings=\"{&quot;background_background&quot;:&quot;classic&quot;}\">\n\t\t<div class=\"elementor-element elementor-element-cb944c0 e-flex e-con-boxed e-con e-child\" data-id=\"cb944c0\" data-element_type=\"container\" data-e-type=\"container\">\n\t\t\t\t\t<div class=\"e-con-inner\">\n\t\t\t\t<div class=\"elementor-element elementor-element-fe27b88 elementor-widget elementor-widget-text-editor\" data-id=\"fe27b88\" data-element_type=\"widget\" data-e-type=\"widget\" data-widget_type=\"text-editor.default\">\n\t\t\t\t<div class=\"elementor-widget-container\">\n\t\t\t\t\t\t\t\t\t<p style=\"font-weight: 400;\">A strong and elegant furniture collection made of solid wood, representing the meeting of structural engineering and sophisticated manufacturing technology. In addition to their robust appearance, ergonomics and comfort are also key features.<\/p>\t\t\t\t\t\t\t\t<\/div>\n\t\t\t\t<\/div>\n\t\t\t\t\t<\/div>\n\t\t\t\t<\/div>\n\t\t\t\t<\/div>\n\t\t<div class=\"elementor-element elementor-element-e074cad e-con-full e-flex e-con e-child\" data-id=\"e074cad\" data-element_type=\"container\" data-e-type=\"container\" data-settings=\"{&quot;background_background&quot;:&quot;classic&quot;}\">\n\t\t\t\t<\/div>\n\t\t\t\t<\/div>\n\t\t<div class=\"elementor-element elementor-element-3199422 e-con-full e-flex e-con e-child\" data-id=\"3199422\" data-element_type=\"container\" data-e-type=\"container\">\n\t\t\t\t<div class=\"elementor-element elementor-element-36e3604 elementor-widget elementor-widget-heading\" data-id=\"36e3604\" data-element_type=\"widget\" data-e-type=\"widget\" data-widget_type=\"heading.default\">\n\t\t\t\t<div class=\"elementor-widget-container\">\n\t\t\t\t\t<h6 class=\"elementor-heading-title elementor-size-default\">Designed by <b>Ado Avdagic\u0301<\/b><\/h6>\t\t\t\t<\/div>\n\t\t\t\t<\/div>\n\t\t\t\t<div class=\"elementor-element elementor-element-76218ee elementor-widget elementor-widget-heading\" data-id=\"76218ee\" data-element_type=\"widget\" data-e-type=\"widget\" data-widget_type=\"heading.default\">\n\t\t\t\t<div class=\"elementor-widget-container\">\n\t\t\t\t\t<h6 class=\"elementor-heading-title elementor-size-default\">The product is handmade in Europe according to your individual requirements.<\/h6>\t\t\t\t<\/div>\n\t\t\t\t<\/div>\n\t\t\t\t<\/div>\n\t\t\t\t<\/div>\n\t\t<div id=\"e-n-tab-content-2479581122\" role=\"tabpanel\" aria-labelledby=\"e-n-tab-title-2479581122\" data-tab-index=\"2\" style=\"--n-tabs-title-order: 2;\" class=\"elementor-element elementor-element-0eea9a9 e-flex e-con-boxed e-con e-child\" data-id=\"0eea9a9\" data-element_type=\"container\" data-e-type=\"container\">\n\t\t\t\t\t<div class=\"e-con-inner\">\n\t\t\t\t<div class=\"elementor-element elementor-element-7e06460 elementor-widget elementor-widget-shortcode\" data-id=\"7e06460\" data-element_type=\"widget\" data-e-type=\"widget\" data-widget_type=\"shortcode.default\">\n\t\t\t\t<div class=\"elementor-widget-container\">\n\t\t\t\t\t\t\t<div class=\"elementor-shortcode\"><div class=\"custom-product-additional-info\">\n\t<h2 data-no-translation=\"\" data-trp-gettext=\"\">Tov\u00e1bbi inform\u00e1ci\u00f3k<\/h2>\n\n<table class=\"woocommerce-product-attributes shop_attributes\" aria-label=\"Product Details\" data-no-translation-aria-label=\"\">\n\t\t\t<tr class=\"woocommerce-product-attributes-item woocommerce-product-attributes-item--attribute_pa_fafajta\">\n\t\t\t<th class=\"woocommerce-product-attributes-item__label\" scope=\"row\">Type of wood<\/th>\n\t\t\t<td class=\"woocommerce-product-attributes-item__value\"><p>Walnut \u2013 natural oil, Ash \u2013 light oil, Ash \u2013 black oil, Oak \u2013 natural oil, Oak \u2013 light oil<\/p>\n<\/td>\n\t\t<\/tr>\n\t\t\t<tr class=\"woocommerce-product-attributes-item woocommerce-product-attributes-item--attribute_pa_szek-ulolap\">\n\t\t\t<th class=\"woocommerce-product-attributes-item__label\" scope=\"row\">Chair seat<\/th>\n\t\t\t<td class=\"woocommerce-product-attributes-item__value\"><p>Upholstered, Solid wood<\/p>\n<\/td>\n\t\t<\/tr>\n\t\t\t<tr class=\"woocommerce-product-attributes-item woocommerce-product-attributes-item--attribute_m%c3%a9ret\">\n\t\t\t<th class=\"woocommerce-product-attributes-item__label\" scope=\"row\">Size<\/th>\n\t\t\t<td class=\"woocommerce-product-attributes-item__value\"><p>H: 47cm, Sz: 44cm, M:81cm, \u00fcl\u00e9smagass\u00e1g: 45cm<\/p>\n<\/td>\n\t\t<\/tr>\n\t\t\t<tr class=\"woocommerce-product-attributes-item woocommerce-product-attributes-item--attribute_gy%c3%a1rt%c3%b3\">\n\t\t\t<th class=\"woocommerce-product-attributes-item__label\" scope=\"row\">Manufacturer<\/th>\n\t\t\t<td class=\"woocommerce-product-attributes-item__value\"><p>Aptha Furniture d.o.o.<\/p>\n<\/td>\n\t\t<\/tr>\n\t\t\t<tr class=\"woocommerce-product-attributes-item woocommerce-product-attributes-item--attribute_tervez%c5%91\">\n\t\t\t<th class=\"woocommerce-product-attributes-item__label\" scope=\"row\">Designer<\/th>\n\t\t\t<td class=\"woocommerce-product-attributes-item__value\"><p>Natas\u030ca Perkovic\u0301<\/p>\n<\/td>\n\t\t<\/tr>\n\t<\/table>\n<\/div><\/div>\n\t\t\t\t\t\t<\/div>\n\t\t\t\t<\/div>\n\t\t\t\t\t<\/div>\n\t\t\t\t<\/div>\n\t\t<div id=\"e-n-tab-content-2479581123\" role=\"tabpanel\" aria-labelledby=\"e-n-tab-title-2479581123\" data-tab-index=\"3\" style=\"--n-tabs-title-order: 3;\" class=\"elementor-element elementor-element-4536286 e-flex e-con-boxed e-con e-child\" data-id=\"4536286\" data-element_type=\"container\" data-e-type=\"container\">\n\t\t\t\t\t<div class=\"e-con-inner\">\n\t\t\t\t<div class=\"elementor-element elementor-element-e22e6fb elementor-widget elementor-widget-heading\" data-id=\"e22e6fb\" data-element_type=\"widget\" data-e-type=\"widget\" data-widget_type=\"heading.default\">\n\t\t\t\t<div class=\"elementor-widget-container\">\n\t\t\t\t\t<h5 class=\"elementor-heading-title elementor-size-default\">Delivery time<\/h5>\t\t\t\t<\/div>\n\t\t\t\t<\/div>\n\t\t\t\t<div class=\"elementor-element elementor-element-accbd21 elementor-widget elementor-widget-text-editor\" data-id=\"accbd21\" data-element_type=\"widget\" data-e-type=\"widget\" data-widget_type=\"text-editor.default\">\n\t\t\t\t<div class=\"elementor-widget-container\">\n\t\t\t\t\t\t\t\t\t<p class=\"p1\"><span class=\"s1\"><i>Made to order, custom manufactured. Estimated delivery time is 7-9 weeks. The date indicated is for informational purposes only.<\/i>.<\/span><\/p><p class=\"p1\"><span class=\"s1\">Each of our pieces is unique and precisely crafted, made to order with careful attention to detail \u2013 uniqueness takes time.<\/span><\/p>\t\t\t\t\t\t\t\t<\/div>\n\t\t\t\t<\/div>\n\t\t\t\t<div class=\"elementor-element elementor-element-8ece458 elementor-widget-divider--view-line elementor-widget elementor-widget-divider\" data-id=\"8ece458\" data-element_type=\"widget\" data-e-type=\"widget\" data-widget_type=\"divider.default\">\n\t\t\t\t<div class=\"elementor-widget-container\">\n\t\t\t\t\t\t\t<div class=\"elementor-divider\">\n\t\t\t<span class=\"elementor-divider-separator\">\n\t\t\t\t\t\t<\/span>\n\t\t<\/div>\n\t\t\t\t\t\t<\/div>\n\t\t\t\t<\/div>\n\t\t<div class=\"elementor-element elementor-element-4c5c548 e-con-full e-flex e-con e-child\" data-id=\"4c5c548\" data-element_type=\"container\" data-e-type=\"container\">\n\t\t\t\t<div class=\"elementor-element elementor-element-6c32573 elementor-widget elementor-widget-shortcode\" data-id=\"6c32573\" data-element_type=\"widget\" data-e-type=\"widget\" data-widget_type=\"shortcode.default\">\n\t\t\t\t<div class=\"elementor-widget-container\">\n\t\t\t\t\t\t\t<div class=\"elementor-shortcode\">\t\t<div data-elementor-type=\"container\" data-elementor-id=\"5278\" class=\"elementor elementor-5278\" data-elementor-post-type=\"elementor_library\">\n\t\t\t\t<div class=\"elementor-element elementor-element-550ff174 e-con-full e-flex e-con e-child\" data-id=\"550ff174\" data-element_type=\"container\" data-e-type=\"container\">\n\t\t\t\t<div class=\"elementor-element elementor-element-419143cd elementor-widget elementor-widget-heading\" data-id=\"419143cd\" data-element_type=\"widget\" data-e-type=\"widget\" data-widget_type=\"heading.default\">\n\t\t\t\t<div class=\"elementor-widget-container\">\n\t\t\t\t\t<h5 class=\"elementor-heading-title elementor-size-default\">Product care:<\/h5>\t\t\t\t<\/div>\n\t\t\t\t<\/div>\n\t\t\t\t<div class=\"elementor-element elementor-element-125bb3e9 elementor-widget elementor-widget-text-editor\" data-id=\"125bb3e9\" data-element_type=\"widget\" data-e-type=\"widget\" data-widget_type=\"text-editor.default\">\n\t\t\t\t<div class=\"elementor-widget-container\">\n\t\t\t\t\t\t\t\t\t<p class=\"p1\"><span class=\"s1\">Product care recommendations<\/span><\/p><p class=\"p2\"><span class=\"s1\">Wood is a natural material that reacts to light, temperature, and humidity; over time, changes may occur that are visible on the surface of the wood. The oil finish on our products is food-safe and made from natural ingredients. You can use a damp cloth for cleaning. Avoid using household cleaning products. If you notice signs of wear on the treated surface, you can maintain it with <a href=\"https:\/\/mwdesign.hu\/en\/product\/rubio-monocoat-refresh-eco-olaj\/\" target=\"_blank\" rel=\"noopener\">Rubio Monocoat Refresh ECO oil<\/a> which is available on our website.<\/span><\/p>\t\t\t\t\t\t\t\t<\/div>\n\t\t\t\t<\/div>\n\t\t\t\t<\/div>\n\t\t\t\t<\/div>\n\t\t<\/div>\n\t\t\t\t\t\t<\/div>\n\t\t\t\t<\/div>\n\t\t\t\t<\/div>\n\t\t\t\t\t<\/div>\n\t\t\t\t<\/div>\n\t\t\t\t\t<\/div>\n\t\t<\/div>\n\t\t\t\t\t\t<\/div>\n\t\t\t\t<\/div>\n\t\t\t\t<\/div>\n\t\t\t\t<\/div>\n\t\t<div class=\"elementor-element elementor-element-48d9a7b e-flex e-con-boxed e-con e-parent\" data-id=\"48d9a7b\" data-element_type=\"container\" data-e-type=\"container\">\n\t\t\t\t\t<div class=\"e-con-inner\">\n\t\t\t\t<div class=\"elementor-element elementor-element-d6a12ac elementor-widget-divider--view-line elementor-widget elementor-widget-divider\" data-id=\"d6a12ac\" data-element_type=\"widget\" data-e-type=\"widget\" data-widget_type=\"divider.default\">\n\t\t\t\t<div class=\"elementor-widget-container\">\n\t\t\t\t\t\t\t<div class=\"elementor-divider\">\n\t\t\t<span class=\"elementor-divider-separator\">\n\t\t\t\t\t\t<\/span>\n\t\t<\/div>\n\t\t\t\t\t\t<\/div>\n\t\t\t\t<\/div>\n\t\t\t\t\t<\/div>\n\t\t\t\t<\/div>\n\t\t<div class=\"elementor-element elementor-element-0e7cd73 e-flex e-con-boxed e-con e-parent\" data-id=\"0e7cd73\" data-element_type=\"container\" data-e-type=\"container\">\n\t\t\t\t\t<div class=\"e-con-inner\">\n\t\t<div class=\"elementor-element elementor-element-e12a715 e-con-full e-flex e-con e-child\" data-id=\"e12a715\" data-element_type=\"container\" data-e-type=\"container\">\n\t\t\t\t<div class=\"elementor-element elementor-element-7171173 elementor-grid-3 elementor-grid-tablet-3 elementor-grid-mobile-2 elementor-products-grid elementor-wc-products show-heading-yes elementor-widget elementor-widget-woocommerce-product-related\" data-id=\"7171173\" data-element_type=\"widget\" data-e-type=\"widget\" data-widget_type=\"woocommerce-product-related.default\">\n\t\t\t\t<div class=\"elementor-widget-container\">\n\t\t\t\t\t\n\t<section class=\"related products\">\n\n\t\t\t\t\t<h2 data-no-translation=\"\" data-trp-gettext=\"\">Related products<\/h2>\n\t\t\t\t<ul class=\"products elementor-grid columns-3\">\n\n\t\t\t\n\t\t\t\t\t<li class=\"desktop-align-left tablet-align-left mobile-align-left product type-product post-12940 status-publish first instock product_cat-szekek has-post-thumbnail shipping-taxable purchasable product-type-variable\">\n\t<a href=\"https:\/\/mwdesign.hu\/en\/product\/30-karfasszek\/\" class=\"woocommerce-LoopProduct-link woocommerce-loop-product__link\"><img fetchpriority=\"high\" decoding=\"async\" width=\"600\" height=\"400\" src=\"https:\/\/mwdesign.hu\/wp-content\/uploads\/2025\/10\/mwdesign_ton_30armchair_01-600x400.webp\" class=\"attachment-woocommerce_thumbnail size-woocommerce_thumbnail\" alt=\"Exkluz\u00edv design sz\u00e9k 30 karossz\u00e9k k\u00e9zzel k\u00e9sz\u00fclt, pr\u00e9mium fa \u00e9s k\u00e1rpit kombin\u00e1ci\u00f3val\" srcset=\"https:\/\/mwdesign.hu\/wp-content\/uploads\/2025\/10\/mwdesign_ton_30armchair_01-600x400.webp 600w, https:\/\/mwdesign.hu\/wp-content\/uploads\/2025\/10\/mwdesign_ton_30armchair_01-1024x683.webp 1024w, https:\/\/mwdesign.hu\/wp-content\/uploads\/2025\/10\/mwdesign_ton_30armchair_01-768x512.webp 768w, https:\/\/mwdesign.hu\/wp-content\/uploads\/2025\/10\/mwdesign_ton_30armchair_01-18x12.webp 18w, https:\/\/mwdesign.hu\/wp-content\/uploads\/2025\/10\/mwdesign_ton_30armchair_01-200x133.webp 200w, https:\/\/mwdesign.hu\/wp-content\/uploads\/2025\/10\/mwdesign_ton_30armchair_01.webp 1200w\" sizes=\"(max-width: 600px) 100vw, 600px\" \/><h2 class=\"woocommerce-loop-product__title\">30 armchair<\/h2>\n\t<span class=\"price\"><span class=\"woocommerce-Price-amount amount\"><bdi><span class=\"woocommerce-Price-currencySymbol\" translate=\"no\">\u20ac<\/span>&nbsp;690<\/bdi><\/span><\/span>\n<\/a><a href=\"https:\/\/mwdesign.hu\/en\/product\/30-karfasszek\/\" data-quantity=\"1\" class=\"ast-on-card-button ast-select-options-trigger product_type_variable add_to_cart_button\" data-product_id=\"12940\" data-product_sku=\"325030\" aria-label=\"Select options for \u201c30 karf\u00e1s sz\u00e9k\u201d\" rel=\"nofollow\" data-no-translation-aria-label=\"\"> <span class=\"ast-card-action-tooltip\"> Select options <\/span> <span class=\"ahfb-svg-iconset\"> <span class=\"ast-icon icon-bag\"><svg xmlns=\"http:\/\/www.w3.org\/2000\/svg\" xmlns:xlink=\"http:\/\/www.w3.org\/1999\/xlink\" version=\"1.1\" id=\"ast-bag-icon-svg\" x=\"0px\" y=\"0px\" width=\"100\" height=\"100\" viewbox=\"826 826 140 140\" enable-background=\"new 826 826 140 140\" xml:space=\"preserve\">\n\t\t\t\t<path d=\"M960.758,934.509l2.632,23.541c0.15,1.403-0.25,2.657-1.203,3.761c-0.953,1.053-2.156,1.579-3.61,1.579H833.424  c-1.454,0-2.657-0.526-3.61-1.579c-0.952-1.104-1.354-2.357-1.203-3.761l2.632-23.541H960.758z M953.763,871.405l6.468,58.29H831.77  l6.468-58.29c0.15-1.203,0.677-2.218,1.58-3.045c0.903-0.827,1.981-1.241,3.234-1.241h19.254v9.627c0,2.658,0.94,4.927,2.82,6.807  s4.149,2.82,6.807,2.82c2.658,0,4.926-0.94,6.807-2.82s2.821-4.149,2.821-6.807v-9.627h28.882v9.627  c0,2.658,0.939,4.927,2.819,6.807c1.881,1.88,4.149,2.82,6.807,2.82s4.927-0.94,6.808-2.82c1.879-1.88,2.82-4.149,2.82-6.807v-9.627  h19.253c1.255,0,2.332,0.414,3.235,1.241C953.086,869.187,953.612,870.202,953.763,871.405z M924.881,857.492v19.254  c0,1.304-0.476,2.432-1.429,3.385s-2.08,1.429-3.385,1.429c-1.303,0-2.432-0.477-3.384-1.429c-0.953-0.953-1.43-2.081-1.43-3.385  v-19.254c0-5.315-1.881-9.853-5.641-13.613c-3.76-3.761-8.298-5.641-13.613-5.641s-9.853,1.88-13.613,5.641  c-3.761,3.76-5.641,8.298-5.641,13.613v19.254c0,1.304-0.476,2.432-1.429,3.385c-0.953,0.953-2.081,1.429-3.385,1.429  c-1.303,0-2.432-0.477-3.384-1.429c-0.953-0.953-1.429-2.081-1.429-3.385v-19.254c0-7.973,2.821-14.779,8.461-20.42  c5.641-5.641,12.448-8.461,20.42-8.461c7.973,0,14.779,2.82,20.42,8.461C922.062,842.712,924.881,849.519,924.881,857.492z\" \/>\n\t\t\t\t<\/svg><\/span> <\/span> <\/a><a href=\"https:\/\/mwdesign.hu\/en\/product\/30-karfasszek\/\" aria-describedby=\"woocommerce_loop_add_to_cart_link_describedby_12940\" data-quantity=\"1\" class=\"button product_type_variable add_to_cart_button cfvsw_ajax_add_to_cart\" data-product_id=\"12940\" data-product_sku=\"325030\" aria-label=\"Select options for \u201c30 karf\u00e1s sz\u00e9k\u201d\" rel=\"nofollow\" data-add_to_cart_text=\"Add to Cart\" data-select_options_text=\"Select options\" data-no-translation-aria-label=\"\">Select options<\/a>\t<span id=\"woocommerce_loop_add_to_cart_link_describedby_12940\" class=\"screen-reader-text\">\n\t\tEnnek a term\u00e9knek t\u00f6bb vari\u00e1ci\u00f3ja van. A v\u00e1ltozatok a term\u00e9koldalon v\u00e1laszthat\u00f3k ki\t<\/span>\n<\/li>\n\n\t\t\t\n\t\t\t\t\t<li class=\"desktop-align-left tablet-align-left mobile-align-left product type-product post-12906 status-publish instock product_cat-szekek has-post-thumbnail shipping-taxable purchasable product-type-variable\">\n\t<a href=\"https:\/\/mwdesign.hu\/en\/product\/14-es-szek\/\" class=\"woocommerce-LoopProduct-link woocommerce-loop-product__link\"><img decoding=\"async\" width=\"600\" height=\"400\" src=\"https:\/\/mwdesign.hu\/wp-content\/uploads\/2025\/10\/mwdesign_ton_14chair_01-600x400.webp\" class=\"attachment-woocommerce_thumbnail size-woocommerce_thumbnail\" alt=\"Exkluz\u00edv design sz\u00e9k 14 sz\u00e9k k\u00e9zzel k\u00e9sz\u00fclt, pr\u00e9mium fa \u00e9s k\u00e1rpit kombin\u00e1ci\u00f3val\" srcset=\"https:\/\/mwdesign.hu\/wp-content\/uploads\/2025\/10\/mwdesign_ton_14chair_01-600x400.webp 600w, https:\/\/mwdesign.hu\/wp-content\/uploads\/2025\/10\/mwdesign_ton_14chair_01-1024x683.webp 1024w, https:\/\/mwdesign.hu\/wp-content\/uploads\/2025\/10\/mwdesign_ton_14chair_01-768x512.webp 768w, https:\/\/mwdesign.hu\/wp-content\/uploads\/2025\/10\/mwdesign_ton_14chair_01-18x12.webp 18w, https:\/\/mwdesign.hu\/wp-content\/uploads\/2025\/10\/mwdesign_ton_14chair_01-200x133.webp 200w, https:\/\/mwdesign.hu\/wp-content\/uploads\/2025\/10\/mwdesign_ton_14chair_01.webp 1200w\" sizes=\"(max-width: 600px) 100vw, 600px\" \/><h2 class=\"woocommerce-loop-product__title\">14 chair<\/h2>\n\t<span class=\"price\"><span class=\"woocommerce-Price-amount amount\"><bdi><span class=\"woocommerce-Price-currencySymbol\" translate=\"no\">\u20ac<\/span>&nbsp;540<\/bdi><\/span><\/span>\n<\/a><a href=\"https:\/\/mwdesign.hu\/en\/product\/14-es-szek\/\" data-quantity=\"1\" class=\"ast-on-card-button ast-select-options-trigger product_type_variable add_to_cart_button\" data-product_id=\"12906\" data-product_sku=\"313014\" aria-label=\"Select options for \u201c14-es sz\u00e9k\u201d\" rel=\"nofollow\" data-no-translation-aria-label=\"\"> <span class=\"ast-card-action-tooltip\"> Select options <\/span> <span class=\"ahfb-svg-iconset\"> <span class=\"ast-icon icon-bag\"><svg xmlns=\"http:\/\/www.w3.org\/2000\/svg\" xmlns:xlink=\"http:\/\/www.w3.org\/1999\/xlink\" version=\"1.1\" id=\"ast-bag-icon-svg\" x=\"0px\" y=\"0px\" width=\"100\" height=\"100\" viewbox=\"826 826 140 140\" enable-background=\"new 826 826 140 140\" xml:space=\"preserve\">\n\t\t\t\t<path d=\"M960.758,934.509l2.632,23.541c0.15,1.403-0.25,2.657-1.203,3.761c-0.953,1.053-2.156,1.579-3.61,1.579H833.424  c-1.454,0-2.657-0.526-3.61-1.579c-0.952-1.104-1.354-2.357-1.203-3.761l2.632-23.541H960.758z M953.763,871.405l6.468,58.29H831.77  l6.468-58.29c0.15-1.203,0.677-2.218,1.58-3.045c0.903-0.827,1.981-1.241,3.234-1.241h19.254v9.627c0,2.658,0.94,4.927,2.82,6.807  s4.149,2.82,6.807,2.82c2.658,0,4.926-0.94,6.807-2.82s2.821-4.149,2.821-6.807v-9.627h28.882v9.627  c0,2.658,0.939,4.927,2.819,6.807c1.881,1.88,4.149,2.82,6.807,2.82s4.927-0.94,6.808-2.82c1.879-1.88,2.82-4.149,2.82-6.807v-9.627  h19.253c1.255,0,2.332,0.414,3.235,1.241C953.086,869.187,953.612,870.202,953.763,871.405z M924.881,857.492v19.254  c0,1.304-0.476,2.432-1.429,3.385s-2.08,1.429-3.385,1.429c-1.303,0-2.432-0.477-3.384-1.429c-0.953-0.953-1.43-2.081-1.43-3.385  v-19.254c0-5.315-1.881-9.853-5.641-13.613c-3.76-3.761-8.298-5.641-13.613-5.641s-9.853,1.88-13.613,5.641  c-3.761,3.76-5.641,8.298-5.641,13.613v19.254c0,1.304-0.476,2.432-1.429,3.385c-0.953,0.953-2.081,1.429-3.385,1.429  c-1.303,0-2.432-0.477-3.384-1.429c-0.953-0.953-1.429-2.081-1.429-3.385v-19.254c0-7.973,2.821-14.779,8.461-20.42  c5.641-5.641,12.448-8.461,20.42-8.461c7.973,0,14.779,2.82,20.42,8.461C922.062,842.712,924.881,849.519,924.881,857.492z\" \/>\n\t\t\t\t<\/svg><\/span> <\/span> <\/a><a href=\"https:\/\/mwdesign.hu\/en\/product\/14-es-szek\/\" aria-describedby=\"woocommerce_loop_add_to_cart_link_describedby_12906\" data-quantity=\"1\" class=\"button product_type_variable add_to_cart_button cfvsw_ajax_add_to_cart\" data-product_id=\"12906\" data-product_sku=\"313014\" aria-label=\"Select options for \u201c14-es sz\u00e9k\u201d\" rel=\"nofollow\" data-add_to_cart_text=\"Add to Cart\" data-select_options_text=\"Select options\" data-no-translation-aria-label=\"\">Select options<\/a>\t<span id=\"woocommerce_loop_add_to_cart_link_describedby_12906\" class=\"screen-reader-text\">\n\t\tEnnek a term\u00e9knek t\u00f6bb vari\u00e1ci\u00f3ja van. A v\u00e1ltozatok a term\u00e9koldalon v\u00e1laszthat\u00f3k ki\t<\/span>\n<\/li>\n\n\t\t\t\n\t\t\t\t\t<li class=\"desktop-align-left tablet-align-left mobile-align-left product type-product post-6426 status-publish last instock product_cat-szekek has-post-thumbnail shipping-taxable purchasable product-type-variable\">\n\t<a href=\"https:\/\/mwdesign.hu\/en\/product\/callas-szek\/\" class=\"woocommerce-LoopProduct-link woocommerce-loop-product__link\"><img decoding=\"async\" width=\"600\" height=\"400\" src=\"https:\/\/mwdesign.hu\/wp-content\/uploads\/2025\/03\/callas-szek-featured-600x400.jpg\" class=\"attachment-woocommerce_thumbnail size-woocommerce_thumbnail\" alt=\"Exkluz\u00edv design sz\u00e9k Callas sz\u00e9k k\u00e9zzel k\u00e9sz\u00fclt, pr\u00e9mium fa \u00e9s k\u00e1rpit kombin\u00e1ci\u00f3val\" srcset=\"https:\/\/mwdesign.hu\/wp-content\/uploads\/2025\/03\/callas-szek-featured-600x400.jpg 600w, https:\/\/mwdesign.hu\/wp-content\/uploads\/2025\/03\/callas-szek-featured-200x133.jpg 200w, https:\/\/mwdesign.hu\/wp-content\/uploads\/2025\/03\/callas-szek-featured-1024x683.jpg 1024w, https:\/\/mwdesign.hu\/wp-content\/uploads\/2025\/03\/callas-szek-featured-768x512.jpg 768w, https:\/\/mwdesign.hu\/wp-content\/uploads\/2025\/03\/callas-szek-featured-18x12.jpg 18w, https:\/\/mwdesign.hu\/wp-content\/uploads\/2025\/03\/callas-szek-featured.jpg 1200w\" sizes=\"(max-width: 600px) 100vw, 600px\" \/><h2 class=\"woocommerce-loop-product__title\">Callas chair<\/h2>\n\t<span class=\"price\"><span class=\"woocommerce-Price-amount amount\"><bdi><span class=\"woocommerce-Price-currencySymbol\" translate=\"no\">\u20ac<\/span>&nbsp;570<\/bdi><\/span><\/span>\n<\/a><a href=\"https:\/\/mwdesign.hu\/en\/product\/callas-szek\/\" data-quantity=\"1\" class=\"ast-on-card-button ast-select-options-trigger product_type_variable add_to_cart_button\" data-product_id=\"6426\" data-product_sku=\"NS001\" aria-label=\"Select options for \u201cCallas sz\u00e9k\u201d\" rel=\"nofollow\" data-no-translation-aria-label=\"\"> <span class=\"ast-card-action-tooltip\"> Select options <\/span> <span class=\"ahfb-svg-iconset\"> <span class=\"ast-icon icon-bag\"><svg xmlns=\"http:\/\/www.w3.org\/2000\/svg\" xmlns:xlink=\"http:\/\/www.w3.org\/1999\/xlink\" version=\"1.1\" id=\"ast-bag-icon-svg\" x=\"0px\" y=\"0px\" width=\"100\" height=\"100\" viewbox=\"826 826 140 140\" enable-background=\"new 826 826 140 140\" xml:space=\"preserve\">\n\t\t\t\t<path d=\"M960.758,934.509l2.632,23.541c0.15,1.403-0.25,2.657-1.203,3.761c-0.953,1.053-2.156,1.579-3.61,1.579H833.424  c-1.454,0-2.657-0.526-3.61-1.579c-0.952-1.104-1.354-2.357-1.203-3.761l2.632-23.541H960.758z M953.763,871.405l6.468,58.29H831.77  l6.468-58.29c0.15-1.203,0.677-2.218,1.58-3.045c0.903-0.827,1.981-1.241,3.234-1.241h19.254v9.627c0,2.658,0.94,4.927,2.82,6.807  s4.149,2.82,6.807,2.82c2.658,0,4.926-0.94,6.807-2.82s2.821-4.149,2.821-6.807v-9.627h28.882v9.627  c0,2.658,0.939,4.927,2.819,6.807c1.881,1.88,4.149,2.82,6.807,2.82s4.927-0.94,6.808-2.82c1.879-1.88,2.82-4.149,2.82-6.807v-9.627  h19.253c1.255,0,2.332,0.414,3.235,1.241C953.086,869.187,953.612,870.202,953.763,871.405z M924.881,857.492v19.254  c0,1.304-0.476,2.432-1.429,3.385s-2.08,1.429-3.385,1.429c-1.303,0-2.432-0.477-3.384-1.429c-0.953-0.953-1.43-2.081-1.43-3.385  v-19.254c0-5.315-1.881-9.853-5.641-13.613c-3.76-3.761-8.298-5.641-13.613-5.641s-9.853,1.88-13.613,5.641  c-3.761,3.76-5.641,8.298-5.641,13.613v19.254c0,1.304-0.476,2.432-1.429,3.385c-0.953,0.953-2.081,1.429-3.385,1.429  c-1.303,0-2.432-0.477-3.384-1.429c-0.953-0.953-1.429-2.081-1.429-3.385v-19.254c0-7.973,2.821-14.779,8.461-20.42  c5.641-5.641,12.448-8.461,20.42-8.461c7.973,0,14.779,2.82,20.42,8.461C922.062,842.712,924.881,849.519,924.881,857.492z\" \/>\n\t\t\t\t<\/svg><\/span> <\/span> <\/a><a href=\"https:\/\/mwdesign.hu\/en\/product\/callas-szek\/\" aria-describedby=\"woocommerce_loop_add_to_cart_link_describedby_6426\" data-quantity=\"1\" class=\"button product_type_variable add_to_cart_button cfvsw_ajax_add_to_cart\" data-product_id=\"6426\" data-product_sku=\"NS001\" aria-label=\"Select options for \u201cCallas sz\u00e9k\u201d\" rel=\"nofollow\" data-add_to_cart_text=\"Add to Cart\" data-select_options_text=\"Select options\" data-no-translation-aria-label=\"\">Select options<\/a>\t<span id=\"woocommerce_loop_add_to_cart_link_describedby_6426\" class=\"screen-reader-text\">\n\t\tEnnek a term\u00e9knek t\u00f6bb vari\u00e1ci\u00f3ja van. A v\u00e1ltozatok a term\u00e9koldalon v\u00e1laszthat\u00f3k ki\t<\/span>\n<\/li>\n\n\t\t\t\n\t\t<\/ul>\n\n\t<\/section>\n\t\t\t\t\t<\/div>\n\t\t\t\t<\/div>\n\t\t\t\t<\/div>\n\t\t\t\t\t<\/div>\n\t\t\t\t<\/div>\n\t\t\t\t<\/div>","protected":false},"excerpt":{"rendered":"<p class=\"p1\">The chair can only be purchased as part of a set. The set contains 6 chairs. The price shown is for one chair.<\/p>","protected":false},"featured_media":5506,"template":"","meta":{"_monsterinsights_skip_tracking":false,"_monsterinsights_sitenote_active":false,"_monsterinsights_sitenote_note":"","_monsterinsights_sitenote_category":0,"site-sidebar-layout":"no-sidebar","site-content-layout":"","ast-site-content-layout":"full-width-container","site-content-style":"default","site-sidebar-style":"default","ast-global-header-display":"","ast-banner-title-visibility":"","ast-main-header-display":"","ast-hfb-above-header-display":"","ast-hfb-below-header-display":"","ast-hfb-mobile-header-display":"","site-post-title":"disabled","ast-breadcrumbs-content":"","ast-featured-img":"disabled","footer-sml-layout":"","ast-disable-related-posts":"","theme-transparent-header-meta":"default","adv-header-id-meta":"","stick-header-meta":"","header-above-stick-meta":"","header-main-stick-meta":"","header-below-stick-meta":"","astra-migrate-meta-layouts":"set","ast-page-background-enabled":"default","ast-page-background-meta":{"desktop":{"background-color":"var(--ast-global-color-4)","background-image":"","background-repeat":"repeat","background-position":"center center","background-size":"auto","background-attachment":"scroll","background-type":"","background-media":"","overlay-type":"","overlay-color":"","overlay-opacity":"","overlay-gradient":""},"tablet":{"background-color":"","background-image":"","background-repeat":"repeat","background-position":"center center","background-size":"auto","background-attachment":"scroll","background-type":"","background-media":"","overlay-type":"","overlay-color":"","overlay-opacity":"","overlay-gradient":""},"mobile":{"background-color":"","background-image":"","background-repeat":"repeat","background-position":"center center","background-size":"auto","background-attachment":"scroll","background-type":"","background-media":"","overlay-type":"","overlay-color":"","overlay-opacity":"","overlay-gradient":""}},"ast-content-background-meta":{"desktop":{"background-color":"var(--ast-global-color-5)","background-image":"","background-repeat":"repeat","background-position":"center center","background-size":"auto","background-attachment":"scroll","background-type":"","background-media":"","overlay-type":"","overlay-color":"","overlay-opacity":"","overlay-gradient":""},"tablet":{"background-color":"var(--ast-global-color-5)","background-image":"","background-repeat":"repeat","background-position":"center center","background-size":"auto","background-attachment":"scroll","background-type":"","background-media":"","overlay-type":"","overlay-color":"","overlay-opacity":"","overlay-gradient":""},"mobile":{"background-color":"var(--ast-global-color-5)","background-image":"","background-repeat":"repeat","background-position":"center center","background-size":"auto","background-attachment":"scroll","background-type":"","background-media":"","overlay-type":"","overlay-color":"","overlay-opacity":"","overlay-gradient":""}}},"product_brand":[161],"product_cat":[69],"product_tag":[153],"class_list":["post-5510","product","type-product","status-publish","has-post-thumbnail","product_brand-goes","product_cat-szekek","product_tag-goes-szek","desktop-align-left","tablet-align-left","mobile-align-left","first","instock","shipping-taxable","purchasable","product-type-variable"],"aioseo_notices":[],"aioseo_head":"\n\t\t<!-- All in One SEO 5.0.1.1 - aioseo.com -->\n\t<meta name=\"description\" content=\"T\u00f6m\u00f6r b\u00fckkf\u00e1b\u00f3l k\u00e9sz\u00fclt sz\u00e9k, mely nat\u00far lakkozott, wenge kivitelben vagy fekete sz\u00ednben is k\u00e9nyelmes. A sz\u00e9k csak szettben v\u00e1s\u00e1rolhat\u00f3. A szett 6 db sz\u00e9ket tartalmaz. A felt\u00fcntetett \u00e1r egy sz\u00e9k \u00e1ra.\" \/>\n\t<meta name=\"robots\" content=\"max-image-preview:large\" \/>\n\t<meta name=\"google-site-verification\" content=\"J3lqDnnkDwFlnOc1CKp8LOJelQJkFvp5QbsAIBxZcgw\" \/>\n\t<meta name=\"p:domain_verify\" content=\"aadd2ed82658f800312bf0a4ba5e5626\" \/>\n\t<link rel=\"canonical\" href=\"https:\/\/mwdesign.hu\/en\/product\/callas-szek\/\" \/>\n\t<meta name=\"generator\" content=\"All in One SEO (AIOSEO) 5.0.1.1\" \/>\n\n\t\t<meta name=\"p:domain_verify\" content=\"aadd2ed82658f800312bf0a4ba5e5626\u201d\/>\n\t\t<meta property=\"og:locale\" content=\"en_GB\" \/>\n\t\t<meta property=\"og:site_name\" content=\"MW Design - by M\u00e9sz\u00e1ros Andr\u00e1s Wood Designer\" \/>\n\t\t<meta property=\"og:type\" content=\"article\" \/>\n\t\t<meta property=\"og:title\" content=\"Callas sz\u00e9k - MW Design\" \/>\n\t\t<meta property=\"og:description\" content=\"T\u00f6m\u00f6r b\u00fckkf\u00e1b\u00f3l k\u00e9sz\u00fclt sz\u00e9k, mely nat\u00far lakkozott, wenge kivitelben vagy fekete sz\u00ednben is k\u00e9nyelmes. A sz\u00e9k csak szettben v\u00e1s\u00e1rolhat\u00f3. A szett 6 db sz\u00e9ket tartalmaz. A felt\u00fcntetett \u00e1r egy sz\u00e9k \u00e1ra.\" \/>\n\t\t<meta property=\"og:url\" content=\"https:\/\/mwdesign.hu\/en\/product\/callas-szek\/\" \/>\n\t\t<meta property=\"og:image\" content=\"https:\/\/mwdesign.hu\/wp-content\/uploads\/2025\/06\/mwdesign-featured-site-image.jpg\" \/>\n\t\t<meta property=\"og:image:secure_url\" content=\"https:\/\/mwdesign.hu\/wp-content\/uploads\/2025\/06\/mwdesign-featured-site-image.jpg\" \/>\n\t\t<meta property=\"og:image:width\" content=\"1640\" \/>\n\t\t<meta property=\"og:image:height\" content=\"856\" \/>\n\t\t<meta property=\"article:published_time\" content=\"2025-03-24T14:51:14+00:00\" \/>\n\t\t<meta property=\"article:modified_time\" content=\"2025-08-22T07:09:13+00:00\" \/>\n\t\t<meta property=\"article:publisher\" content=\"https:\/\/www.facebook.com\/mwdesignfurniture\/\" \/>\n\t\t<meta name=\"twitter:card\" content=\"summary_large_image\" \/>\n\t\t<meta name=\"twitter:title\" content=\"Callas sz\u00e9k - MW Design\" \/>\n\t\t<meta name=\"twitter:description\" content=\"T\u00f6m\u00f6r b\u00fckkf\u00e1b\u00f3l k\u00e9sz\u00fclt sz\u00e9k, mely nat\u00far lakkozott, wenge kivitelben vagy fekete sz\u00ednben is k\u00e9nyelmes. A sz\u00e9k csak szettben v\u00e1s\u00e1rolhat\u00f3. A szett 6 db sz\u00e9ket tartalmaz. A felt\u00fcntetett \u00e1r egy sz\u00e9k \u00e1ra.\" \/>\n\t\t<meta name=\"twitter:image\" content=\"https:\/\/mwdesign.hu\/wp-content\/uploads\/2025\/06\/mwdesign-featured-site-image.jpg\" \/>\n\t\t<script type=\"application\/ld+json\" class=\"aioseo-schema\">\n\t\t\t{\"@context\":\"https:\\\/\\\/schema.org\",\"@graph\":[{\"@type\":\"BreadcrumbList\",\"@id\":\"https:\\\/\\\/mwdesign.hu\\\/en\\\/product\\\/callas-szek\\\/#breadcrumblist\",\"itemListElement\":[{\"@type\":\"ListItem\",\"@id\":\"https:\\\/\\\/mwdesign.hu\\\/en#listItem\",\"position\":1,\"name\":\"Home\",\"item\":\"https:\\\/\\\/mwdesign.hu\\\/en\",\"nextItem\":{\"@type\":\"ListItem\",\"@id\":\"https:\\\/\\\/mwdesign.hu\\\/en\\\/shop\\\/#listItem\",\"name\":\"Shop\"}},{\"@type\":\"ListItem\",\"@id\":\"https:\\\/\\\/mwdesign.hu\\\/en\\\/shop\\\/#listItem\",\"position\":2,\"name\":\"Shop\",\"item\":\"https:\\\/\\\/mwdesign.hu\\\/en\\\/shop\\\/\",\"nextItem\":{\"@type\":\"ListItem\",\"@id\":\"https:\\\/\\\/mwdesign.hu\\\/en\\\/brand\\\/goes\\\/#listItem\",\"name\":\"GOES\"},\"previousItem\":{\"@type\":\"ListItem\",\"@id\":\"https:\\\/\\\/mwdesign.hu\\\/en#listItem\",\"name\":\"Home\"}},{\"@type\":\"ListItem\",\"@id\":\"https:\\\/\\\/mwdesign.hu\\\/en\\\/brand\\\/goes\\\/#listItem\",\"position\":3,\"name\":\"GOES\",\"item\":\"https:\\\/\\\/mwdesign.hu\\\/en\\\/brand\\\/goes\\\/\",\"nextItem\":{\"@type\":\"ListItem\",\"@id\":\"https:\\\/\\\/mwdesign.hu\\\/en\\\/product\\\/primum-szek\\\/#listItem\",\"name\":\"Primum sz\\u00e9k\"},\"previousItem\":{\"@type\":\"ListItem\",\"@id\":\"https:\\\/\\\/mwdesign.hu\\\/en\\\/shop\\\/#listItem\",\"name\":\"Shop\"}},{\"@type\":\"ListItem\",\"@id\":\"https:\\\/\\\/mwdesign.hu\\\/en\\\/product\\\/primum-szek\\\/#listItem\",\"position\":4,\"name\":\"Primum sz\\u00e9k\",\"previousItem\":{\"@type\":\"ListItem\",\"@id\":\"https:\\\/\\\/mwdesign.hu\\\/en\\\/brand\\\/goes\\\/#listItem\",\"name\":\"GOES\"}}]},{\"@type\":\"Organization\",\"@id\":\"https:\\\/\\\/mwdesign.hu\\\/en\\\/#organization\",\"name\":\"MW Design\",\"description\":\"by M\\u00e9sz\\u00e1ros Andr\\u00e1s Wood Designer\",\"url\":\"https:\\\/\\\/mwdesign.hu\\\/en\\\/\",\"logo\":{\"@type\":\"ImageObject\",\"url\":\"https:\\\/\\\/mwdesign.hu\\\/wp-content\\\/uploads\\\/2023\\\/08\\\/MWDeisgn_logo_1000px.png\",\"@id\":\"https:\\\/\\\/mwdesign.hu\\\/en\\\/product\\\/callas-szek\\\/#organizationLogo\",\"width\":1000,\"height\":386},\"image\":{\"@id\":\"https:\\\/\\\/mwdesign.hu\\\/en\\\/product\\\/callas-szek\\\/#organizationLogo\"},\"sameAs\":[\"https:\\\/\\\/www.facebook.com\\\/mwdesignfurniture\\\/\",\"https:\\\/\\\/www.instagram.com\\\/mwdesignfurniture\\\/\",\"https:\\\/\\\/www.tiktok.com\\\/@mwdesignfurniture\",\"https:\\\/\\\/hu.pinterest.com\\\/mwdesignfurniture\",\"https:\\\/\\\/www.linkedin.com\\\/company\\\/mwdesignfurniture\\\/about\\\/\"]},{\"@type\":\"WebPage\",\"@id\":\"https:\\\/\\\/mwdesign.hu\\\/en\\\/product\\\/callas-szek\\\/#webpage\",\"url\":\"https:\\\/\\\/mwdesign.hu\\\/en\\\/product\\\/callas-szek\\\/\",\"name\":\"Callas sz\\u00e9k - MW Design\",\"description\":\"T\\u00f6m\\u00f6r b\\u00fckkf\\u00e1b\\u00f3l k\\u00e9sz\\u00fclt sz\\u00e9k, mely nat\\u00far lakkozott, wenge kivitelben vagy fekete sz\\u00ednben is k\\u00e9nyelmes. A sz\\u00e9k csak szettben v\\u00e1s\\u00e1rolhat\\u00f3. A szett 6 db sz\\u00e9ket tartalmaz. A felt\\u00fcntetett \\u00e1r egy sz\\u00e9k \\u00e1ra.\",\"inLanguage\":\"en-GB\",\"isPartOf\":{\"@id\":\"https:\\\/\\\/mwdesign.hu\\\/en\\\/#website\"},\"breadcrumb\":{\"@id\":\"https:\\\/\\\/mwdesign.hu\\\/en\\\/product\\\/callas-szek\\\/#breadcrumblist\"},\"image\":{\"@type\":\"ImageObject\",\"url\":\"https:\\\/\\\/mwdesign.hu\\\/wp-content\\\/uploads\\\/2025\\\/03\\\/callas-szek-featured.jpg\",\"@id\":\"https:\\\/\\\/mwdesign.hu\\\/en\\\/product\\\/callas-szek\\\/#mainImage\",\"width\":1200,\"height\":800,\"caption\":\"Exkluz\\u00edv design sz\\u00e9k Callas sz\\u00e9k k\\u00e9zzel k\\u00e9sz\\u00fclt, pr\\u00e9mium fa \\u00e9s k\\u00e1rpit kombin\\u00e1ci\\u00f3val\"},\"primaryImageOfPage\":{\"@id\":\"https:\\\/\\\/mwdesign.hu\\\/en\\\/product\\\/callas-szek\\\/#mainImage\"},\"datePublished\":\"2025-03-24T14:51:14+00:00\",\"dateModified\":\"2025-08-22T07:09:13+00:00\"},{\"@type\":\"WebSite\",\"@id\":\"https:\\\/\\\/mwdesign.hu\\\/en\\\/#website\",\"url\":\"https:\\\/\\\/mwdesign.hu\\\/en\\\/\",\"name\":\"MW Design\",\"description\":\"by M\\u00e9sz\\u00e1ros Andr\\u00e1s Wood Designer\",\"inLanguage\":\"en-GB\",\"publisher\":{\"@id\":\"https:\\\/\\\/mwdesign.hu\\\/en\\\/#organization\"}}]}\n\t\t<\/script>\n\t\t<!-- All in One SEO -->\n\n","aioseo_head_json":{"title":"Callas sz\u00e9k - MW Design","description":"T\u00f6m\u00f6r b\u00fckkf\u00e1b\u00f3l k\u00e9sz\u00fclt sz\u00e9k, mely nat\u00far lakkozott, wenge kivitelben vagy fekete sz\u00ednben is k\u00e9nyelmes. A sz\u00e9k csak szettben v\u00e1s\u00e1rolhat\u00f3. A szett 6 db sz\u00e9ket tartalmaz. A felt\u00fcntetett \u00e1r egy sz\u00e9k \u00e1ra.","canonical_url":"https:\/\/mwdesign.hu\/en\/product\/callas-szek\/","robots":"max-image-preview:large","keywords":"","webmasterTools":{"google-site-verification":"J3lqDnnkDwFlnOc1CKp8LOJelQJkFvp5QbsAIBxZcgw","p:domain_verify":"aadd2ed82658f800312bf0a4ba5e5626","miscellaneous":"&lt;meta name=\"p:domain_verify\" content=\"aadd2ed82658f800312bf0a4ba5e5626\u201d\/&gt;"},"schema":{"@context":"https:\/\/schema.org","@graph":[{"@type":"BreadcrumbList","@id":"https:\/\/mwdesign.hu\/en\/product\/callas-szek\/#breadcrumblist","itemListElement":[{"@type":"ListItem","@id":"https:\/\/mwdesign.hu\/en#listItem","position":1,"name":"Home","item":"https:\/\/mwdesign.hu\/en","nextItem":{"@type":"ListItem","@id":"https:\/\/mwdesign.hu\/en\/shop\/#listItem","name":"Shop"}},{"@type":"ListItem","@id":"https:\/\/mwdesign.hu\/en\/shop\/#listItem","position":2,"name":"Shop","item":"https:\/\/mwdesign.hu\/en\/shop\/","nextItem":{"@type":"ListItem","@id":"https:\/\/mwdesign.hu\/en\/brand\/goes\/#listItem","name":"GOES"},"previousItem":{"@type":"ListItem","@id":"https:\/\/mwdesign.hu\/en#listItem","name":"Home"}},{"@type":"ListItem","@id":"https:\/\/mwdesign.hu\/en\/brand\/goes\/#listItem","position":3,"name":"GOES","item":"https:\/\/mwdesign.hu\/en\/brand\/goes\/","nextItem":{"@type":"ListItem","@id":"https:\/\/mwdesign.hu\/en\/product\/primum-szek\/#listItem","name":"Primum sz\u00e9k"},"previousItem":{"@type":"ListItem","@id":"https:\/\/mwdesign.hu\/en\/shop\/#listItem","name":"Shop"}},{"@type":"ListItem","@id":"https:\/\/mwdesign.hu\/en\/product\/primum-szek\/#listItem","position":4,"name":"Primum sz\u00e9k","previousItem":{"@type":"ListItem","@id":"https:\/\/mwdesign.hu\/en\/brand\/goes\/#listItem","name":"GOES"}}]},{"@type":"Organization","@id":"https:\/\/mwdesign.hu\/en\/#organization","name":"MW Design","description":"by M\u00e9sz\u00e1ros Andr\u00e1s Wood Designer","url":"https:\/\/mwdesign.hu\/en\/","logo":{"@type":"ImageObject","url":"https:\/\/mwdesign.hu\/wp-content\/uploads\/2023\/08\/MWDeisgn_logo_1000px.png","@id":"https:\/\/mwdesign.hu\/en\/product\/callas-szek\/#organizationLogo","width":1000,"height":386},"image":{"@id":"https:\/\/mwdesign.hu\/en\/product\/callas-szek\/#organizationLogo"},"sameAs":["https:\/\/www.facebook.com\/mwdesignfurniture\/","https:\/\/www.instagram.com\/mwdesignfurniture\/","https:\/\/www.tiktok.com\/@mwdesignfurniture","https:\/\/hu.pinterest.com\/mwdesignfurniture","https:\/\/www.linkedin.com\/company\/mwdesignfurniture\/about\/"]},{"@type":"WebPage","@id":"https:\/\/mwdesign.hu\/en\/product\/callas-szek\/#webpage","url":"https:\/\/mwdesign.hu\/en\/product\/callas-szek\/","name":"Callas sz\u00e9k - MW Design","description":"T\u00f6m\u00f6r b\u00fckkf\u00e1b\u00f3l k\u00e9sz\u00fclt sz\u00e9k, mely nat\u00far lakkozott, wenge kivitelben vagy fekete sz\u00ednben is k\u00e9nyelmes. A sz\u00e9k csak szettben v\u00e1s\u00e1rolhat\u00f3. A szett 6 db sz\u00e9ket tartalmaz. A felt\u00fcntetett \u00e1r egy sz\u00e9k \u00e1ra.","inLanguage":"en-GB","isPartOf":{"@id":"https:\/\/mwdesign.hu\/en\/#website"},"breadcrumb":{"@id":"https:\/\/mwdesign.hu\/en\/product\/callas-szek\/#breadcrumblist"},"image":{"@type":"ImageObject","url":"https:\/\/mwdesign.hu\/wp-content\/uploads\/2025\/03\/callas-szek-featured.jpg","@id":"https:\/\/mwdesign.hu\/en\/product\/callas-szek\/#mainImage","width":1200,"height":800,"caption":"Exkluz\u00edv design sz\u00e9k Callas sz\u00e9k k\u00e9zzel k\u00e9sz\u00fclt, pr\u00e9mium fa \u00e9s k\u00e1rpit kombin\u00e1ci\u00f3val"},"primaryImageOfPage":{"@id":"https:\/\/mwdesign.hu\/en\/product\/callas-szek\/#mainImage"},"datePublished":"2025-03-24T14:51:14+00:00","dateModified":"2025-08-22T07:09:13+00:00"},{"@type":"WebSite","@id":"https:\/\/mwdesign.hu\/en\/#website","url":"https:\/\/mwdesign.hu\/en\/","name":"MW Design","description":"by M\u00e9sz\u00e1ros Andr\u00e1s Wood Designer","inLanguage":"en-GB","publisher":{"@id":"https:\/\/mwdesign.hu\/en\/#organization"}}]},"og:locale":"en_GB","og:site_name":"MW Design - by M\u00e9sz\u00e1ros Andr\u00e1s Wood Designer","og:type":"article","og:title":"Callas sz\u00e9k - MW Design","og:description":"T\u00f6m\u00f6r b\u00fckkf\u00e1b\u00f3l k\u00e9sz\u00fclt sz\u00e9k, mely nat\u00far lakkozott, wenge kivitelben vagy fekete sz\u00ednben is k\u00e9nyelmes. A sz\u00e9k csak szettben v\u00e1s\u00e1rolhat\u00f3. A szett 6 db sz\u00e9ket tartalmaz. A felt\u00fcntetett \u00e1r egy sz\u00e9k \u00e1ra.","og:url":"https:\/\/mwdesign.hu\/en\/product\/callas-szek\/","og:image":"https:\/\/mwdesign.hu\/wp-content\/uploads\/2025\/06\/mwdesign-featured-site-image.jpg","og:image:secure_url":"https:\/\/mwdesign.hu\/wp-content\/uploads\/2025\/06\/mwdesign-featured-site-image.jpg","og:image:width":1640,"og:image:height":856,"article:published_time":"2025-03-24T14:51:14+00:00","article:modified_time":"2025-08-22T07:09:13+00:00","article:publisher":"https:\/\/www.facebook.com\/mwdesignfurniture\/","twitter:card":"summary_large_image","twitter:title":"Callas sz\u00e9k - MW Design","twitter:description":"T\u00f6m\u00f6r b\u00fckkf\u00e1b\u00f3l k\u00e9sz\u00fclt sz\u00e9k, mely nat\u00far lakkozott, wenge kivitelben vagy fekete sz\u00ednben is k\u00e9nyelmes. A sz\u00e9k csak szettben v\u00e1s\u00e1rolhat\u00f3. A szett 6 db sz\u00e9ket tartalmaz. A felt\u00fcntetett \u00e1r egy sz\u00e9k \u00e1ra.","twitter:image":"https:\/\/mwdesign.hu\/wp-content\/uploads\/2025\/06\/mwdesign-featured-site-image.jpg"},"aioseo_meta_data":{"post_id":"5510","title":null,"description":null,"keywords":null,"keyphrases":{"focus":{"keyphrase":"","score":0,"analysis":{"keyphraseInTitle":{"score":0,"maxScore":9,"error":1}}},"additional":[]},"primary_term":null,"canonical_url":null,"og_title":null,"og_description":null,"og_object_type":"default","og_image_type":"default","og_image_url":null,"og_image_width":null,"og_image_height":null,"og_image_custom_url":null,"og_image_custom_fields":null,"og_video":"","og_custom_url":null,"og_article_section":null,"og_article_tags":null,"twitter_use_og":false,"twitter_card":"default","twitter_image_type":"default","twitter_image_url":null,"twitter_image_custom_url":null,"twitter_image_custom_fields":null,"twitter_title":null,"twitter_description":null,"schema":{"blockGraphs":[],"customGraphs":[],"default":{"data":{"Article":[],"Course":[],"Dataset":[],"FAQPage":[],"Movie":[],"Person":[],"Product":[],"ProductReview":[],"Car":[],"Recipe":[],"Service":[],"SoftwareApplication":[],"WebPage":[]},"graphName":"Product","isEnabled":true},"graphs":[]},"schema_type":"default","schema_type_options":null,"pillar_content":false,"robots_default":true,"robots_noindex":false,"robots_noarchive":false,"robots_nosnippet":false,"robots_nofollow":false,"robots_noimageindex":false,"robots_noodp":false,"robots_notranslate":false,"robots_max_snippet":"-1","robots_max_videopreview":"-1","robots_max_imagepreview":"large","priority":null,"frequency":"default","local_seo":null,"breadcrumb_settings":null,"limit_modified_date":false,"ai":null,"created":"2025-03-18 17:54:52","updated":"2026-03-02 14:54:10","seo_analyzer_scan_date":null,"focus_keyword":null,"additional_keywords":null,"truseo_locale":null},"aioseo_breadcrumb":"<div class=\"aioseo-breadcrumbs\"><span class=\"aioseo-breadcrumb\">\n\t\t\t<a href=\"https:\/\/mwdesign.hu\/en\" title=\"Home\">Home<\/a>\n\t\t<\/span><span class=\"aioseo-breadcrumb-separator\">&raquo;<\/span><span class=\"aioseo-breadcrumb\">\n\t\t\t<a href=\"https:\/\/mwdesign.hu\/en\/shop\/\" title=\"Shop\">Shop<\/a>\n\t\t<\/span><span class=\"aioseo-breadcrumb-separator\">&raquo;<\/span><span class=\"aioseo-breadcrumb\">\n\t\t\t<a href=\"https:\/\/mwdesign.hu\/en\/brand\/goes\/\" title=\"GOES\">GOES<\/a>\n\t\t<\/span><span class=\"aioseo-breadcrumb-separator\">&raquo;<\/span><span class=\"aioseo-breadcrumb\">\n\t\t\tPrimum sz\u00e9k\n\t\t<\/span><\/div>","aioseo_breadcrumb_json":[{"label":"Home","link":"https:\/\/mwdesign.hu\/en"},{"label":"Shop","link":"https:\/\/mwdesign.hu\/en\/shop\/"},{"label":"GOES","link":"https:\/\/mwdesign.hu\/en\/brand\/goes\/"},{"label":"Primum sz\u00e9k","link":"https:\/\/mwdesign.hu\/en\/product\/primum-szek\/"}],"_links":{"self":[{"href":"https:\/\/mwdesign.hu\/en\/wp-json\/wp\/v2\/product\/5510","targetHints":{"allow":["GET"]}}],"collection":[{"href":"https:\/\/mwdesign.hu\/en\/wp-json\/wp\/v2\/product"}],"about":[{"href":"https:\/\/mwdesign.hu\/en\/wp-json\/wp\/v2\/types\/product"}],"version-history":[{"count":0,"href":"https:\/\/mwdesign.hu\/en\/wp-json\/wp\/v2\/product\/5510\/revisions"}],"wp:featuredmedia":[{"embeddable":true,"href":"https:\/\/mwdesign.hu\/en\/wp-json\/wp\/v2\/media\/5506"}],"wp:attachment":[{"href":"https:\/\/mwdesign.hu\/en\/wp-json\/wp\/v2\/media?parent=5510"}],"wp:term":[{"taxonomy":"product_brand","embeddable":true,"href":"https:\/\/mwdesign.hu\/en\/wp-json\/wp\/v2\/product_brand?post=5510"},{"taxonomy":"product_cat","embeddable":true,"href":"https:\/\/mwdesign.hu\/en\/wp-json\/wp\/v2\/product_cat?post=5510"},{"taxonomy":"product_tag","embeddable":true,"href":"https:\/\/mwdesign.hu\/en\/wp-json\/wp\/v2\/product_tag?post=5510"}],"curies":[{"name":"wp","href":"https:\/\/api.w.org\/{rel}","templated":true}]}}